{"id":19843,"date":"2014-06-13T11:03:41","date_gmt":"2014-06-13T11:03:41","guid":{"rendered":"http:\/\/demo.select-themes.com\/stockholm1\/?page_id=19843"},"modified":"2020-09-23T12:06:45","modified_gmt":"2020-09-23T12:06:45","slug":"home-default","status":"publish","type":"page","link":"https:\/\/www.kanzlei-arete.de\/de\/","title":{"rendered":"Home"},"content":{"rendered":"<div class=\"wpb-content-wrapper\"><p>[vc_row row_type=&#8220;row&#8220; use_row_as_full_screen_section=&#8220;no&#8220; type=&#8220;full_width&#8220; text_align=&#8220;left&#8220; background_animation=&#8220;none&#8220; css_animation=&#8220;&#8220; background_color=&#8220;#f5f5f5&#8243;][\/vc_row][vc_column][\/vc_column][vc_row_inner row_type=&#8220;row&#8220; type=&#8220;grid&#8220; use_row_as_full_screen_section_slide=&#8220;no&#8220; text_align=&#8220;left&#8220; padding_top=&#8220;80&#8243; padding_bottom=&#8220;80&#8243; css_animation=&#8220;&#8220; background_color=&#8220;#f5f5f5&#8243;][vc_column_inner][vc_column_text]<br \/>\n[\/vc_column_text][vc_separator type=&#8220;transparent&#8220; border_style=&#8220;&#8220; up=&#8220;10&#8243; down=&#8220;0&#8243;][vc_column_text css=&#8220;.vc_custom_1599809040705{background-color: #ffffff !important;}&#8220;]<\/p>\n<h2 style=\"text-align: center;\"><span style=\"color: #d31726;\">Aret\u00e9 |<\/span> Kanzlei f\u00fcr Datenschutzrecht<\/h2>\n<p>[\/vc_column_text][vc_separator type=&#8220;transparent&#8220; border_style=&#8220;&#8220; up=&#8220;30&#8243; down=&#8220;0&#8243;][vc_column_text]Sie suchen eine versierte datenschutzrechtliche Beratung, sei es bei der Optimierung Ihres Datenschutzmanagements, sei es f\u00fcr einzelne Projekte mit Datenschutzbezug oder bei streitigen Angelegenheiten.<\/p>\n<p>&nbsp;<\/p>\n<p>Seit vielen Jahren berate ich Unternehmen \u2013 vom Start-Up bis zum Konzern, vor allem aus den Bereichen Medien, Nachhaltigkeit und Mobilit\u00e4t \u2013, Verb\u00e4nde und Beh\u00f6rden zum Datenschutzrecht. Nach langj\u00e4hriger \u201eInhouse\u201c-T\u00e4tigkeit habe ich auch profunde Erfahrung im Datenschutzmanagement. Gern coache ich Datenschutzbeauftragte, Gesch\u00e4ftsf\u00fchrungen oder Betriebsr\u00e4te oder gebe gutachtlichen Rechtsrat.<\/p>\n<p>&nbsp;<\/p>\n<p>Zudem begleite oder vertrete ich Mandanten in aufsichtsbeh\u00f6rdlichen Verfahren und Gerichtsverfahren.<\/p>\n<p><em><span style=\"color: #d31726;\"><br \/>\n<strong>Aret\u00e9<\/strong> (\u03b1\u0486\u03c1\u025b\u03c4\u03ae) hei\u00dft T\u00fcchtigkeit, Geschicklichkeit, Tapferkeit, Tugend, auch Gedeihen und Gl\u00fcck. Als Schl\u00fcsselbegriff der antiken Tugendlehre beschreibt <strong>Aret\u00e9<\/strong> das Ideal der Selbstvervollkommnung.<\/span><\/em><\/p>\n<p>&nbsp;<\/p>\n<p>&nbsp;<\/p>\n<p>[\/vc_column_text][vc_separator type=&#8220;transparent&#8220; border_style=&#8220;&#8220; up=&#8220;20&#8243; down=&#8220;0&#8243;][vc_column_text css=&#8220;.vc_custom_1596870372234{background-color: #ffffff !important;}&#8220;]<\/p>\n<h2 style=\"text-align: center;\">Praxisnahe Umsetzung der DSGVO<\/h2>\n<p>[\/vc_column_text][vc_separator type=&#8220;transparent&#8220; border_style=&#8220;&#8220; up=&#8220;40&#8243; down=&#8220;0&#8243;][vc_column_text css=&#8220;.vc_custom_1596787162028{background-color: #f5f5f5 !important;}&#8220;]Nachhaltiger Erfolg in einer freiheitlichen Gesellschaft setzt die Beachtung von Grundwerten und Grundregeln voraus. Dazu geh\u00f6rt der Schutz von Pers\u00f6nlichkeitsrechten und Transparenz. Das gilt im Gesch\u00e4ftsleben und erst recht f\u00fcr staatliche Institutionen.<\/p>\n<p>&nbsp;<\/p>\n<p>Datenschutz erfordert Vorsorge und nicht nur Schadensbegrenzung. Im Ergebnis profitieren wir alle davon. Daher ist der Aufwand, den die praktische Umsetzung der Datenschutzgesetze in Beh\u00f6rden und Unternehmen bedeutet, der M\u00fche wert.<\/p>\n<p>&nbsp;<\/p>\n<p>Im Datenschutz sind aber auch kreative Ideen, ein risikoorientierter Blick und Mut zum gesunden Menschenverstand gefragt. Datenschutz sch\u00fctzt Menschen und darf nicht zum b\u00fcrokratischen Selbstzweck verkommen.[\/vc_column_text][\/vc_column_inner][\/vc_row_inner]<\/p>\n<\/div>","protected":false},"excerpt":{"rendered":"<p>[vc_row row_type=&#8220;row&#8220; use_row_as_full_screen_section=&#8220;no&#8220; type=&#8220;full_width&#8220; text_align=&#8220;left&#8220; background_animation=&#8220;none&#8220; css_animation=&#8220;&#8220; background_color=&#8220;#f5f5f5&#8243;][\/vc_row][vc_column][\/vc_column][vc_row_inner row_type=&#8220;row&#8220; type=&#8220;grid&#8220; use_row_as_full_screen_section_slide=&#8220;no&#8220; text_align=&#8220;left&#8220; padding_top=&#8220;80&#8243; padding_bottom=&#8220;80&#8243; css_animation=&#8220;&#8220; background_color=&#8220;#f5f5f5&#8243;][vc_column_inner][vc_column_text] [\/vc_column_text][vc_separator type=&#8220;transparent&#8220; border_style=&#8220;&#8220; up=&#8220;10&#8243; down=&#8220;0&#8243;][vc_column_text css=&#8220;.vc_custom_1599809040705{background-color: #ffffff !important;}&#8220;] Aret\u00e9 | Kanzlei f\u00fcr Datenschutzrecht [\/vc_column_text][vc_separator type=&#8220;transparent&#8220; border_style=&#8220;&#8220; up=&#8220;30&#8243; down=&#8220;0&#8243;][vc_column_text]Sie suchen eine versierte datenschutzrechtliche Beratung, sei es bei der Optimierung Ihres Datenschutzmanagements, sei es f\u00fcr einzelne&#8230;<\/p>\n","protected":false},"author":1,"featured_media":0,"parent":0,"menu_order":0,"comment_status":"closed","ping_status":"closed","template":"full_width.php","meta":{"footnotes":""},"class_list":["post-19843","page","type-page","status-publish","hentry"],"yoast_head":"<!-- This site is optimized with the Yoast SEO plugin v27.4 - https:\/\/yoast.com\/product\/yoast-seo-wordpress\/ -->\n<title>Home - ARET\u00c9 | Kanzlei f\u00fcr Datenschutzrecht<\/title>\n<meta name=\"robots\" content=\"index, follow, max-snippet:-1, max-image-preview:large, max-video-preview:-1\" \/>\n<link rel=\"canonical\" href=\"https:\/\/www.kanzlei-arete.de\/de\/\" \/>\n<meta property=\"og:locale\" content=\"de_DE\" \/>\n<meta property=\"og:type\" content=\"article\" \/>\n<meta property=\"og:title\" content=\"Home - ARET\u00c9 | Kanzlei f\u00fcr Datenschutzrecht\" \/>\n<meta property=\"og:description\" content=\"[vc_row row_type=&#8220;row&#8220; use_row_as_full_screen_section=&#8220;no&#8220; type=&#8220;full_width&#8220; text_align=&#8220;left&#8220; background_animation=&#8220;none&#8220; css_animation=&#8220;&#8220; background_color=&#8220;#f5f5f5&#8243;][\/vc_row][vc_column][\/vc_column][vc_row_inner row_type=&#8220;row&#8220; type=&#8220;grid&#8220; use_row_as_full_screen_section_slide=&#8220;no&#8220; text_align=&#8220;left&#8220; padding_top=&#8220;80&#8243; padding_bottom=&#8220;80&#8243; css_animation=&#8220;&#8220; background_color=&#8220;#f5f5f5&#8243;][vc_column_inner][vc_column_text] [\/vc_column_text][vc_separator type=&#8220;transparent&#8220; border_style=&#8220;&#8220; up=&#8220;10&#8243; down=&#8220;0&#8243;][vc_column_text css=&#8220;.vc_custom_1599809040705{background-color: #ffffff !important;}&#8220;] Aret\u00e9 | Kanzlei f\u00fcr Datenschutzrecht [\/vc_column_text][vc_separator type=&#8220;transparent&#8220; border_style=&#8220;&#8220; up=&#8220;30&#8243; down=&#8220;0&#8243;][vc_column_text]Sie suchen eine versierte datenschutzrechtliche Beratung, sei es bei der Optimierung Ihres Datenschutzmanagements, sei es f\u00fcr einzelne...\" \/>\n<meta property=\"og:url\" content=\"https:\/\/www.kanzlei-arete.de\/de\/\" \/>\n<meta property=\"og:site_name\" content=\"ARET\u00c9 | Kanzlei f\u00fcr Datenschutzrecht\" \/>\n<meta property=\"article:modified_time\" content=\"2020-09-23T12:06:45+00:00\" \/>\n<meta name=\"twitter:card\" content=\"summary_large_image\" \/>\n<meta name=\"twitter:label1\" content=\"Gesch\u00e4tzte Lesezeit\" \/>\n\t<meta name=\"twitter:data1\" content=\"2\u00a0Minuten\" \/>\n<script type=\"application\/ld+json\" class=\"yoast-schema-graph\">{\"@context\":\"https:\\\/\\\/schema.org\",\"@graph\":[{\"@type\":\"WebPage\",\"@id\":\"https:\\\/\\\/www.kanzlei-arete.de\\\/de\\\/\",\"url\":\"https:\\\/\\\/www.kanzlei-arete.de\\\/de\\\/\",\"name\":\"Home - ARET\u00c9 | Kanzlei f\u00fcr Datenschutzrecht\",\"isPartOf\":{\"@id\":\"https:\\\/\\\/www.kanzlei-arete.de\\\/de\\\/#website\"},\"datePublished\":\"2014-06-13T11:03:41+00:00\",\"dateModified\":\"2020-09-23T12:06:45+00:00\",\"breadcrumb\":{\"@id\":\"https:\\\/\\\/www.kanzlei-arete.de\\\/de\\\/#breadcrumb\"},\"inLanguage\":\"de\",\"potentialAction\":[{\"@type\":\"ReadAction\",\"target\":[\"https:\\\/\\\/www.kanzlei-arete.de\\\/de\\\/\"]}]},{\"@type\":\"BreadcrumbList\",\"@id\":\"https:\\\/\\\/www.kanzlei-arete.de\\\/de\\\/#breadcrumb\",\"itemListElement\":[{\"@type\":\"ListItem\",\"position\":1,\"name\":\"Startseite\",\"item\":\"https:\\\/\\\/www.kanzlei-arete.de\\\/de\\\/\"},{\"@type\":\"ListItem\",\"position\":2,\"name\":\"Home\"}]},{\"@type\":\"WebSite\",\"@id\":\"https:\\\/\\\/www.kanzlei-arete.de\\\/de\\\/#website\",\"url\":\"https:\\\/\\\/www.kanzlei-arete.de\\\/de\\\/\",\"name\":\"ARET\u00c9 | Kanzlei f\u00fcr Datenschutzrecht\",\"description\":\"Kanzlei f\u00fcr Datenschutzrecht\",\"publisher\":{\"@id\":\"https:\\\/\\\/www.kanzlei-arete.de\\\/de\\\/#organization\"},\"potentialAction\":[{\"@type\":\"SearchAction\",\"target\":{\"@type\":\"EntryPoint\",\"urlTemplate\":\"https:\\\/\\\/www.kanzlei-arete.de\\\/de\\\/?s={search_term_string}\"},\"query-input\":{\"@type\":\"PropertyValueSpecification\",\"valueRequired\":true,\"valueName\":\"search_term_string\"}}],\"inLanguage\":\"de\"},{\"@type\":\"Organization\",\"@id\":\"https:\\\/\\\/www.kanzlei-arete.de\\\/de\\\/#organization\",\"name\":\"ARET\u00c9 | Kanzlei f\u00fcr Datenschutzrecht\",\"url\":\"https:\\\/\\\/www.kanzlei-arete.de\\\/de\\\/\",\"logo\":{\"@type\":\"ImageObject\",\"inLanguage\":\"de\",\"@id\":\"https:\\\/\\\/www.kanzlei-arete.de\\\/de\\\/#\\\/schema\\\/logo\\\/image\\\/\",\"url\":\"https:\\\/\\\/www.kanzlei-arete.de\\\/de\\\/wp-content\\\/uploads\\\/sites\\\/6\\\/2020\\\/09\\\/favicon.png\",\"contentUrl\":\"https:\\\/\\\/www.kanzlei-arete.de\\\/de\\\/wp-content\\\/uploads\\\/sites\\\/6\\\/2020\\\/09\\\/favicon.png\",\"width\":454,\"height\":413,\"caption\":\"ARET\u00c9 | Kanzlei f\u00fcr Datenschutzrecht\"},\"image\":{\"@id\":\"https:\\\/\\\/www.kanzlei-arete.de\\\/de\\\/#\\\/schema\\\/logo\\\/image\\\/\"}}]}<\/script>\n<!-- \/ Yoast SEO plugin. -->","yoast_head_json":{"title":"Home - ARET\u00c9 | Kanzlei f\u00fcr Datenschutzrecht","robots":{"index":"index","follow":"follow","max-snippet":"max-snippet:-1","max-image-preview":"max-image-preview:large","max-video-preview":"max-video-preview:-1"},"canonical":"https:\/\/www.kanzlei-arete.de\/de\/","og_locale":"de_DE","og_type":"article","og_title":"Home - ARET\u00c9 | Kanzlei f\u00fcr Datenschutzrecht","og_description":"[vc_row row_type=&#8220;row&#8220; use_row_as_full_screen_section=&#8220;no&#8220; type=&#8220;full_width&#8220; text_align=&#8220;left&#8220; background_animation=&#8220;none&#8220; css_animation=&#8220;&#8220; background_color=&#8220;#f5f5f5&#8243;][\/vc_row][vc_column][\/vc_column][vc_row_inner row_type=&#8220;row&#8220; type=&#8220;grid&#8220; use_row_as_full_screen_section_slide=&#8220;no&#8220; text_align=&#8220;left&#8220; padding_top=&#8220;80&#8243; padding_bottom=&#8220;80&#8243; css_animation=&#8220;&#8220; background_color=&#8220;#f5f5f5&#8243;][vc_column_inner][vc_column_text] [\/vc_column_text][vc_separator type=&#8220;transparent&#8220; border_style=&#8220;&#8220; up=&#8220;10&#8243; down=&#8220;0&#8243;][vc_column_text css=&#8220;.vc_custom_1599809040705{background-color: #ffffff !important;}&#8220;] Aret\u00e9 | Kanzlei f\u00fcr Datenschutzrecht [\/vc_column_text][vc_separator type=&#8220;transparent&#8220; border_style=&#8220;&#8220; up=&#8220;30&#8243; down=&#8220;0&#8243;][vc_column_text]Sie suchen eine versierte datenschutzrechtliche Beratung, sei es bei der Optimierung Ihres Datenschutzmanagements, sei es f\u00fcr einzelne...","og_url":"https:\/\/www.kanzlei-arete.de\/de\/","og_site_name":"ARET\u00c9 | Kanzlei f\u00fcr Datenschutzrecht","article_modified_time":"2020-09-23T12:06:45+00:00","twitter_card":"summary_large_image","twitter_misc":{"Gesch\u00e4tzte Lesezeit":"2\u00a0Minuten"},"schema":{"@context":"https:\/\/schema.org","@graph":[{"@type":"WebPage","@id":"https:\/\/www.kanzlei-arete.de\/de\/","url":"https:\/\/www.kanzlei-arete.de\/de\/","name":"Home - ARET\u00c9 | Kanzlei f\u00fcr Datenschutzrecht","isPartOf":{"@id":"https:\/\/www.kanzlei-arete.de\/de\/#website"},"datePublished":"2014-06-13T11:03:41+00:00","dateModified":"2020-09-23T12:06:45+00:00","breadcrumb":{"@id":"https:\/\/www.kanzlei-arete.de\/de\/#breadcrumb"},"inLanguage":"de","potentialAction":[{"@type":"ReadAction","target":["https:\/\/www.kanzlei-arete.de\/de\/"]}]},{"@type":"BreadcrumbList","@id":"https:\/\/www.kanzlei-arete.de\/de\/#breadcrumb","itemListElement":[{"@type":"ListItem","position":1,"name":"Startseite","item":"https:\/\/www.kanzlei-arete.de\/de\/"},{"@type":"ListItem","position":2,"name":"Home"}]},{"@type":"WebSite","@id":"https:\/\/www.kanzlei-arete.de\/de\/#website","url":"https:\/\/www.kanzlei-arete.de\/de\/","name":"ARET\u00c9 | Kanzlei f\u00fcr Datenschutzrecht","description":"Kanzlei f\u00fcr Datenschutzrecht","publisher":{"@id":"https:\/\/www.kanzlei-arete.de\/de\/#organization"},"potentialAction":[{"@type":"SearchAction","target":{"@type":"EntryPoint","urlTemplate":"https:\/\/www.kanzlei-arete.de\/de\/?s={search_term_string}"},"query-input":{"@type":"PropertyValueSpecification","valueRequired":true,"valueName":"search_term_string"}}],"inLanguage":"de"},{"@type":"Organization","@id":"https:\/\/www.kanzlei-arete.de\/de\/#organization","name":"ARET\u00c9 | Kanzlei f\u00fcr Datenschutzrecht","url":"https:\/\/www.kanzlei-arete.de\/de\/","logo":{"@type":"ImageObject","inLanguage":"de","@id":"https:\/\/www.kanzlei-arete.de\/de\/#\/schema\/logo\/image\/","url":"https:\/\/www.kanzlei-arete.de\/de\/wp-content\/uploads\/sites\/6\/2020\/09\/favicon.png","contentUrl":"https:\/\/www.kanzlei-arete.de\/de\/wp-content\/uploads\/sites\/6\/2020\/09\/favicon.png","width":454,"height":413,"caption":"ARET\u00c9 | Kanzlei f\u00fcr Datenschutzrecht"},"image":{"@id":"https:\/\/www.kanzlei-arete.de\/de\/#\/schema\/logo\/image\/"}}]}},"_links":{"self":[{"href":"https:\/\/www.kanzlei-arete.de\/de\/wp-json\/wp\/v2\/pages\/19843","targetHints":{"allow":["GET"]}}],"collection":[{"href":"https:\/\/www.kanzlei-arete.de\/de\/wp-json\/wp\/v2\/pages"}],"about":[{"href":"https:\/\/www.kanzlei-arete.de\/de\/wp-json\/wp\/v2\/types\/page"}],"author":[{"embeddable":true,"href":"https:\/\/www.kanzlei-arete.de\/de\/wp-json\/wp\/v2\/users\/1"}],"replies":[{"embeddable":true,"href":"https:\/\/www.kanzlei-arete.de\/de\/wp-json\/wp\/v2\/comments?post=19843"}],"version-history":[{"count":95,"href":"https:\/\/www.kanzlei-arete.de\/de\/wp-json\/wp\/v2\/pages\/19843\/revisions"}],"predecessor-version":[{"id":22262,"href":"https:\/\/www.kanzlei-arete.de\/de\/wp-json\/wp\/v2\/pages\/19843\/revisions\/22262"}],"wp:attachment":[{"href":"https:\/\/www.kanzlei-arete.de\/de\/wp-json\/wp\/v2\/media?parent=19843"}],"curies":[{"name":"wp","href":"https:\/\/api.w.org\/{rel}","templated":true}]}}