{"id":26,"date":"2020-03-05T22:08:24","date_gmt":"2020-03-05T22:08:24","guid":{"rendered":"https:\/\/www.kanzlei-arete.de\/?page_id=26"},"modified":"2025-02-28T11:13:57","modified_gmt":"2025-02-28T11:13:57","slug":"impressum","status":"publish","type":"page","link":"https:\/\/www.kanzlei-arete.de\/de\/impressum\/","title":{"rendered":"Impressum"},"content":{"rendered":"<h3><strong>Anbieterkennzeichnung (\u00a7 5 Digitale-Dienste-Gesetz)<\/strong><\/h3>\n<p>&nbsp;<\/p>\n<p><strong>Inhaberin der Internetpr\u00e4senz und inhaltlich Verantwortliche<\/strong><\/p>\n<p>&nbsp;<\/p>\n<p>Rechtsanw\u00e4ltin Karen Sokoll, LLM (London)<\/p>\n<p>&nbsp;<\/p>\n<p>Kanzlei ARET\u00c9<\/p>\n<p>Dircksenstra\u00dfe 52 (Am Hackeschen Markt)<\/p>\n<p>D-10178 Berlin<\/p>\n<p>&nbsp;<\/p>\n<p>Telefon: +49-30-555 70 45 1<\/p>\n<p>Telefax: +49-30-555 70 45 11<\/p>\n<p>&nbsp;<\/p>\n<p>E-Mail: info@kanzlei-arete.de<\/p>\n<p>&nbsp;<\/p>\n<p>Internet: www.kanzlei-arete.de<\/p>\n<p>&nbsp;<\/p>\n<p>Umsatzsteueridentifikationsnummer: 74 926 345 012<\/p>\n<p>&nbsp;<\/p>\n<p>Die Zulassung bzw. Berufsbezeichnung &#8222;Rechtsanw\u00e4ltin&#8220; wurde in Deutschland verliehen. Sie wird aufgrund bundesdeutscher Rechtsnormen von dem jeweilig zust\u00e4ndigen (Landes-)Justizministerium nach bestandener 2. juristischer Staatspr\u00fcfung und einem besonderen Zulassungsverfahren durch den Pr\u00e4sidenten des jeweils f\u00fcr ihren Sitz zust\u00e4ndigen Oberlandesgerichts (s.u. unter Rechtsanwaltskammern \/ Aufsichtsbeh\u00f6rden) zuerkannt.<\/p>\n<p>&nbsp;<\/p>\n<p>Karen Sokoll ist Mitglied folgender Rechtsanwaltskammer, die als Aufsichtsbeh\u00f6rde f\u00fcr sie zust\u00e4ndig ist:<\/p>\n<p>&nbsp;<\/p>\n<p>Rechtsanwaltskammer f\u00fcr den Kammergerichtsbezirk Berlin<\/p>\n<p>Littenstra\u00dfe 9<\/p>\n<p>D-10179 Berlin<\/p>\n<p>&nbsp;<\/p>\n<p>Telefon.: (49) 30 3069310<\/p>\n<p>Telefax: (49) 30 30693199<\/p>\n<p>&nbsp;<\/p>\n<p>Internet: www.rak-berlin.de<\/p>\n<p>&nbsp;<\/p>\n<p><strong>Berufsrechtliche Regelungen<\/strong><\/p>\n<p>&nbsp;<\/p>\n<p>Die einschl\u00e4gigen berufsrechtlichen Regelungen sind im Wesentlichen die Bundesrechtsanwaltsordnung (BRAO), die Berufsordnung f\u00fcr Rechtsanw\u00e4lte (BORA), die Fachanwaltsordnung (FAO), das Rechtsanwaltsverg\u00fctungsgesetz (RVG) sowie die Berufsregelungen der Rechtsanw\u00e4lte der Europ\u00e4ischen Union. Die Regelungen k\u00f6nnen bei der Bundesrechtsanwaltskammer unter www.brak.de, Rubrik \u201e<a href=\"https:\/\/brak.de\/fuer-anwaelte\/berufsrecht\/\" target=\"_blank\" rel=\"noopener noreferrer\">Berufsrecht<\/a>\u201c, eingesehen werden.<\/p>\n<p>&nbsp;<\/p>\n<p><strong>Berufshaftpflichtversicherung<\/strong><\/p>\n<p>&nbsp;<\/p>\n<p>Allianz Versicherungs-Aktiengesellschaft, K\u00f6niginstr. 28, 80802 M\u00fcnchen<\/p>\n<p>&nbsp;<\/p>\n<p>Der r\u00e4umliche Geltungsbereich sind die Europ\u00e4ische Union und Staaten des Abkommens \u00fcber den Europ\u00e4ischen Wirtschaftsraum.<\/p>\n<p>&nbsp;<\/p>\n<p><strong>Inhaltlich Verantwortliche<\/strong><\/p>\n<p>&nbsp;<\/p>\n<p>Rechtsanw\u00e4ltin Karen Sokoll (Adresse wie oben)<\/p>\n<p>&nbsp;<\/p>\n<p><strong>Allgemeine Information \u2013 Verbraucherschlichtungsstelle<\/strong><\/p>\n<p>&nbsp;<\/p>\n<p>F\u00fcr verm\u00f6gensrechtliche Streitigkeiten aus dem Mandatsverh\u00e4ltnis kann die Schlichtungsstelle der Rechtsanwaltschaft, Rauchstra\u00dfe 26, D-10787 Berlin, angerufen werden. Weitergehende Informationen erhalten Sie unter https:\/\/www.schlichtungsstelle-der-rechtsanwaltschaft.de\/. Rechtsanw\u00e4ltin Sokoll ist bereit, an Streitbeilegungsverfahren vor der Schlichtungsstelle der Rechtsanwaltschaft teilzunehmen.<\/p>\n<p>&nbsp;<\/p>\n<p><strong>Bildnachweise<\/strong><\/p>\n<p>&nbsp;<\/p>\n<p>Portr\u00e4tfoto: Jakob &amp; Luisa Fotoatelier<\/p>\n<p>&nbsp;<\/p>\n<p>Im \u00dcbrigen: eigene<\/p>\n<p>&nbsp;<\/p>\n<p>&nbsp;<\/p>\n","protected":false},"excerpt":{"rendered":"<p>Anbieterkennzeichnung (\u00a7 5 Digitale-Dienste-Gesetz) &nbsp; Inhaberin der Internetpr\u00e4senz und inhaltlich Verantwortliche &nbsp; Rechtsanw\u00e4ltin Karen Sokoll, LLM (London) &nbsp; Kanzlei ARET\u00c9 Dircksenstra\u00dfe 52 (Am Hackeschen Markt) D-10178 Berlin &nbsp; Telefon: +49-30-555 70 45 1 Telefax: +49-30-555 70 45 11 &nbsp; E-Mail: info@kanzlei-arete.de &nbsp; Internet: www.kanzlei-arete.de &nbsp; Umsatzsteueridentifikationsnummer: 74 926 345 012&#8230;<\/p>\n","protected":false},"author":1,"featured_media":0,"parent":0,"menu_order":0,"comment_status":"closed","ping_status":"closed","template":"","meta":{"footnotes":""},"class_list":["post-26","page","type-page","status-publish","hentry"],"yoast_head":"<!-- This site is optimized with the Yoast SEO plugin v27.4 - https:\/\/yoast.com\/product\/yoast-seo-wordpress\/ -->\n<title>Impressum - ARET\u00c9 | Kanzlei f\u00fcr Datenschutzrecht<\/title>\n<meta name=\"robots\" content=\"index, follow, max-snippet:-1, max-image-preview:large, max-video-preview:-1\" \/>\n<link rel=\"canonical\" href=\"https:\/\/www.kanzlei-arete.de\/de\/impressum\/\" \/>\n<meta property=\"og:locale\" content=\"de_DE\" \/>\n<meta property=\"og:type\" content=\"article\" \/>\n<meta property=\"og:title\" content=\"Impressum - ARET\u00c9 | Kanzlei f\u00fcr Datenschutzrecht\" \/>\n<meta property=\"og:description\" content=\"Anbieterkennzeichnung (\u00a7 5 Digitale-Dienste-Gesetz) &nbsp; Inhaberin der Internetpr\u00e4senz und inhaltlich Verantwortliche &nbsp; Rechtsanw\u00e4ltin Karen Sokoll, LLM (London) &nbsp; Kanzlei ARET\u00c9 Dircksenstra\u00dfe 52 (Am Hackeschen Markt) D-10178 Berlin &nbsp; Telefon: +49-30-555 70 45 1 Telefax: +49-30-555 70 45 11 &nbsp; E-Mail: info@kanzlei-arete.de &nbsp; Internet: www.kanzlei-arete.de &nbsp; Umsatzsteueridentifikationsnummer: 74 926 345 012...\" \/>\n<meta property=\"og:url\" content=\"https:\/\/www.kanzlei-arete.de\/de\/impressum\/\" \/>\n<meta property=\"og:site_name\" content=\"ARET\u00c9 | Kanzlei f\u00fcr Datenschutzrecht\" \/>\n<meta property=\"article:modified_time\" content=\"2025-02-28T11:13:57+00:00\" \/>\n<meta name=\"twitter:card\" content=\"summary_large_image\" \/>\n<meta name=\"twitter:label1\" content=\"Gesch\u00e4tzte Lesezeit\" \/>\n\t<meta name=\"twitter:data1\" content=\"2\u00a0Minuten\" \/>\n<script type=\"application\/ld+json\" class=\"yoast-schema-graph\">{\"@context\":\"https:\\\/\\\/schema.org\",\"@graph\":[{\"@type\":\"WebPage\",\"@id\":\"https:\\\/\\\/www.kanzlei-arete.de\\\/de\\\/impressum\\\/\",\"url\":\"https:\\\/\\\/www.kanzlei-arete.de\\\/de\\\/impressum\\\/\",\"name\":\"Impressum - ARET\u00c9 | Kanzlei f\u00fcr Datenschutzrecht\",\"isPartOf\":{\"@id\":\"https:\\\/\\\/www.kanzlei-arete.de\\\/de\\\/#website\"},\"datePublished\":\"2020-03-05T22:08:24+00:00\",\"dateModified\":\"2025-02-28T11:13:57+00:00\",\"breadcrumb\":{\"@id\":\"https:\\\/\\\/www.kanzlei-arete.de\\\/de\\\/impressum\\\/#breadcrumb\"},\"inLanguage\":\"de\",\"potentialAction\":[{\"@type\":\"ReadAction\",\"target\":[\"https:\\\/\\\/www.kanzlei-arete.de\\\/de\\\/impressum\\\/\"]}]},{\"@type\":\"BreadcrumbList\",\"@id\":\"https:\\\/\\\/www.kanzlei-arete.de\\\/de\\\/impressum\\\/#breadcrumb\",\"itemListElement\":[{\"@type\":\"ListItem\",\"position\":1,\"name\":\"Startseite\",\"item\":\"https:\\\/\\\/www.kanzlei-arete.de\\\/de\\\/\"},{\"@type\":\"ListItem\",\"position\":2,\"name\":\"Impressum\"}]},{\"@type\":\"WebSite\",\"@id\":\"https:\\\/\\\/www.kanzlei-arete.de\\\/de\\\/#website\",\"url\":\"https:\\\/\\\/www.kanzlei-arete.de\\\/de\\\/\",\"name\":\"ARET\u00c9 | Kanzlei f\u00fcr Datenschutzrecht\",\"description\":\"Kanzlei f\u00fcr Datenschutzrecht\",\"publisher\":{\"@id\":\"https:\\\/\\\/www.kanzlei-arete.de\\\/de\\\/#organization\"},\"potentialAction\":[{\"@type\":\"SearchAction\",\"target\":{\"@type\":\"EntryPoint\",\"urlTemplate\":\"https:\\\/\\\/www.kanzlei-arete.de\\\/de\\\/?s={search_term_string}\"},\"query-input\":{\"@type\":\"PropertyValueSpecification\",\"valueRequired\":true,\"valueName\":\"search_term_string\"}}],\"inLanguage\":\"de\"},{\"@type\":\"Organization\",\"@id\":\"https:\\\/\\\/www.kanzlei-arete.de\\\/de\\\/#organization\",\"name\":\"ARET\u00c9 | Kanzlei f\u00fcr Datenschutzrecht\",\"url\":\"https:\\\/\\\/www.kanzlei-arete.de\\\/de\\\/\",\"logo\":{\"@type\":\"ImageObject\",\"inLanguage\":\"de\",\"@id\":\"https:\\\/\\\/www.kanzlei-arete.de\\\/de\\\/#\\\/schema\\\/logo\\\/image\\\/\",\"url\":\"https:\\\/\\\/www.kanzlei-arete.de\\\/de\\\/wp-content\\\/uploads\\\/sites\\\/6\\\/2020\\\/09\\\/favicon.png\",\"contentUrl\":\"https:\\\/\\\/www.kanzlei-arete.de\\\/de\\\/wp-content\\\/uploads\\\/sites\\\/6\\\/2020\\\/09\\\/favicon.png\",\"width\":454,\"height\":413,\"caption\":\"ARET\u00c9 | Kanzlei f\u00fcr Datenschutzrecht\"},\"image\":{\"@id\":\"https:\\\/\\\/www.kanzlei-arete.de\\\/de\\\/#\\\/schema\\\/logo\\\/image\\\/\"}}]}<\/script>\n<!-- \/ Yoast SEO plugin. -->","yoast_head_json":{"title":"Impressum - ARET\u00c9 | Kanzlei f\u00fcr Datenschutzrecht","robots":{"index":"index","follow":"follow","max-snippet":"max-snippet:-1","max-image-preview":"max-image-preview:large","max-video-preview":"max-video-preview:-1"},"canonical":"https:\/\/www.kanzlei-arete.de\/de\/impressum\/","og_locale":"de_DE","og_type":"article","og_title":"Impressum - ARET\u00c9 | Kanzlei f\u00fcr Datenschutzrecht","og_description":"Anbieterkennzeichnung (\u00a7 5 Digitale-Dienste-Gesetz) &nbsp; Inhaberin der Internetpr\u00e4senz und inhaltlich Verantwortliche &nbsp; Rechtsanw\u00e4ltin Karen Sokoll, LLM (London) &nbsp; Kanzlei ARET\u00c9 Dircksenstra\u00dfe 52 (Am Hackeschen Markt) D-10178 Berlin &nbsp; Telefon: +49-30-555 70 45 1 Telefax: +49-30-555 70 45 11 &nbsp; E-Mail: info@kanzlei-arete.de &nbsp; Internet: www.kanzlei-arete.de &nbsp; Umsatzsteueridentifikationsnummer: 74 926 345 012...","og_url":"https:\/\/www.kanzlei-arete.de\/de\/impressum\/","og_site_name":"ARET\u00c9 | Kanzlei f\u00fcr Datenschutzrecht","article_modified_time":"2025-02-28T11:13:57+00:00","twitter_card":"summary_large_image","twitter_misc":{"Gesch\u00e4tzte Lesezeit":"2\u00a0Minuten"},"schema":{"@context":"https:\/\/schema.org","@graph":[{"@type":"WebPage","@id":"https:\/\/www.kanzlei-arete.de\/de\/impressum\/","url":"https:\/\/www.kanzlei-arete.de\/de\/impressum\/","name":"Impressum - ARET\u00c9 | Kanzlei f\u00fcr Datenschutzrecht","isPartOf":{"@id":"https:\/\/www.kanzlei-arete.de\/de\/#website"},"datePublished":"2020-03-05T22:08:24+00:00","dateModified":"2025-02-28T11:13:57+00:00","breadcrumb":{"@id":"https:\/\/www.kanzlei-arete.de\/de\/impressum\/#breadcrumb"},"inLanguage":"de","potentialAction":[{"@type":"ReadAction","target":["https:\/\/www.kanzlei-arete.de\/de\/impressum\/"]}]},{"@type":"BreadcrumbList","@id":"https:\/\/www.kanzlei-arete.de\/de\/impressum\/#breadcrumb","itemListElement":[{"@type":"ListItem","position":1,"name":"Startseite","item":"https:\/\/www.kanzlei-arete.de\/de\/"},{"@type":"ListItem","position":2,"name":"Impressum"}]},{"@type":"WebSite","@id":"https:\/\/www.kanzlei-arete.de\/de\/#website","url":"https:\/\/www.kanzlei-arete.de\/de\/","name":"ARET\u00c9 | Kanzlei f\u00fcr Datenschutzrecht","description":"Kanzlei f\u00fcr Datenschutzrecht","publisher":{"@id":"https:\/\/www.kanzlei-arete.de\/de\/#organization"},"potentialAction":[{"@type":"SearchAction","target":{"@type":"EntryPoint","urlTemplate":"https:\/\/www.kanzlei-arete.de\/de\/?s={search_term_string}"},"query-input":{"@type":"PropertyValueSpecification","valueRequired":true,"valueName":"search_term_string"}}],"inLanguage":"de"},{"@type":"Organization","@id":"https:\/\/www.kanzlei-arete.de\/de\/#organization","name":"ARET\u00c9 | Kanzlei f\u00fcr Datenschutzrecht","url":"https:\/\/www.kanzlei-arete.de\/de\/","logo":{"@type":"ImageObject","inLanguage":"de","@id":"https:\/\/www.kanzlei-arete.de\/de\/#\/schema\/logo\/image\/","url":"https:\/\/www.kanzlei-arete.de\/de\/wp-content\/uploads\/sites\/6\/2020\/09\/favicon.png","contentUrl":"https:\/\/www.kanzlei-arete.de\/de\/wp-content\/uploads\/sites\/6\/2020\/09\/favicon.png","width":454,"height":413,"caption":"ARET\u00c9 | Kanzlei f\u00fcr Datenschutzrecht"},"image":{"@id":"https:\/\/www.kanzlei-arete.de\/de\/#\/schema\/logo\/image\/"}}]}},"_links":{"self":[{"href":"https:\/\/www.kanzlei-arete.de\/de\/wp-json\/wp\/v2\/pages\/26","targetHints":{"allow":["GET"]}}],"collection":[{"href":"https:\/\/www.kanzlei-arete.de\/de\/wp-json\/wp\/v2\/pages"}],"about":[{"href":"https:\/\/www.kanzlei-arete.de\/de\/wp-json\/wp\/v2\/types\/page"}],"author":[{"embeddable":true,"href":"https:\/\/www.kanzlei-arete.de\/de\/wp-json\/wp\/v2\/users\/1"}],"replies":[{"embeddable":true,"href":"https:\/\/www.kanzlei-arete.de\/de\/wp-json\/wp\/v2\/comments?post=26"}],"version-history":[{"count":37,"href":"https:\/\/www.kanzlei-arete.de\/de\/wp-json\/wp\/v2\/pages\/26\/revisions"}],"predecessor-version":[{"id":22348,"href":"https:\/\/www.kanzlei-arete.de\/de\/wp-json\/wp\/v2\/pages\/26\/revisions\/22348"}],"wp:attachment":[{"href":"https:\/\/www.kanzlei-arete.de\/de\/wp-json\/wp\/v2\/media?parent=26"}],"curies":[{"name":"wp","href":"https:\/\/api.w.org\/{rel}","templated":true}]}}