{"id":28,"date":"2020-03-05T22:08:40","date_gmt":"2020-03-05T22:08:40","guid":{"rendered":"https:\/\/www.kanzlei-arete.de\/?page_id=28"},"modified":"2026-04-19T09:49:57","modified_gmt":"2026-04-19T09:49:57","slug":"datenschutzerklaerung","status":"publish","type":"page","link":"https:\/\/www.kanzlei-arete.de\/de\/datenschutzerklaerung\/","title":{"rendered":"Datenschutz"},"content":{"rendered":"<h3><strong>Datenschutzerkl\u00e4rung <\/strong><\/h3>\n<p>&nbsp;<\/p>\n<p>\nMit dieser Datenschutzerkl\u00e4rung erhalten Sie Informationen \u00fcber die Verarbeitung Ihrer personenbezogenen Daten beim Besuch der Webseite www.kanzlei-arete.de und im Rahmen meiner anwaltlichen T\u00e4tigkeit.<br \/>\n<br \/>\n<strong>1. Verantwortliche<\/strong><br \/>\n<br \/>\nRechtsanw\u00e4ltin Karen Sokoll, LLM<br \/>\nDircksenstra\u00dfe 52 (Am Hackeschen Markt)<br \/>\nD-10178 Berlin<br \/>\nE-Mail: info@kanzlei-arete.de<br \/>\n<br \/>\n<strong>2. Besuch der Webseite<\/strong><br \/>\n<br \/>\nBeim Aufruf der Webseite www.kanzlei-arete.de sendet der Browser Ihres Endger\u00e4ts automatisch Informationen an den Server der Webseite, um die Inhalte darstellen zu k\u00f6nnen. Folgende Informationen werden dabei erfasst: IP-Adresse des aufrufenden Endger\u00e4ts, Datum und Uhrzeit des Zugriffs, Name und URL der abgerufenen Datei einschlie\u00dflich der \u00fcbertragenen Datenmenge, Webseite, von der aus der Zugriff erfolgt, verwendete Browserversion, Betriebssystem des aufrufenden Endger\u00e4ts und Kennung Ihres Access-Providers. Diese Angaben werden tempor\u00e4r in einem Logfile gespeichert. Vor der Speicherung werden hierbei die IP-Adressen verk\u00fcrzt und so anonymisiert. Die genannten Daten werden verarbeitet, um einen reibungslosen Verbindungsaufbau und eine komfortable Nutzung der Webseite sowie Systemsicherheit und -stabilit\u00e4t zu erm\u00f6glichen. Rechtsgrundlage der Verarbeitung ist mein \u00fcberwiegendes berechtigtes Interesse am funktionsf\u00e4higen und sicheren Angebot einer Internetpr\u00e4senz, Art. 6 Abs. 1 Satz 1 lit. f Datenschutzgrundverordnung (DSGVO). Auf dieser Webseite werden keine Cookies eingesetzt.<br \/>\n<br \/>\n<strong>3. Kontaktformular<\/strong><br \/>\n<br \/>\nSie k\u00f6nnen \u00fcber das auf der Webseite bereitgestellte Formular mit mir Kontakt aufnehmen. In diesem Fall werden die dort eingegebenen Daten von meinem Provider per TLS-verschl\u00fcsselter E-Mail an mich \u00fcbermittelt. Zur \u00dcbersendung vertraulicher Informationen w\u00e4hlen Sie bitte nicht das Kontaktformular, sondern kontaktieren Sie mich vorab und wir w\u00e4hlen ein f\u00fcr Sie passendes Verfahren, durch das eine Ende-zu-Ende-Verschl\u00fcsselung gew\u00e4hrleistet ist. Zur Zuordnung Ihrer Anfrage ist die Angabe Ihres Namens sowie einer g\u00fcltigen E-Mail-Adresse erforderlich. Weitere Angaben sind freiwillig. Rechtsgrundlage f\u00fcr die Verarbeitung Ihrer Daten ist das berechtigte Interesse einer Erleichterung der Kontaktaufnahme (Art. 6 Abs. 1 Satz 1 lit. f DSGVO) und, falls Sie Mandant*in sind oder es werden m\u00f6chten, die Vertragsanbahnung oder -erf\u00fcllung (Art. 6 Abs. 1 Satz 1 lit. b DSGVO). Die mittels des Kontaktformulars erhobenen Daten werden ausschlie\u00dflich zum Zweck der Erledigung Ihrer Anfrage verarbeitet und danach gel\u00f6scht. Sofern sich aus der Anfrage ein Mandat oder anderer Vorgang ergibt, werden Ihre Daten, falls erforderlich, zu diesem Zweck in eine (elektronische) Vorgangsakte \u00fcbernommen und dort nach Abschluss der Angelegenheit, unter Ber\u00fccksichtigung von Aufbewahrungspflichten, gel\u00f6scht. Sofern die Verarbeitung Ihrer Daten auf der Grundlage von Art. 6 Abs. 1 Satz 1 lit. f DSGVO stattfindet, k\u00f6nnen Sie ihr aus Gr\u00fcnden, die sich aus Ihrer besonderen Situation ergeben, widersprechen (s.u. Ziffer 9).<br \/>\n<br \/>\n<strong>4. Hosting<\/strong><br \/>\n<br \/>\nF\u00fcr den Betrieb meiner Webseite nutze ich einen technischen Dienstleister mit Sitz in Deutschland, mit dem ich als Auftraggeberin einen Auftragsverarbeitungsvertrag geschlossen habe.<br \/>\n<br \/>\n&nbsp;<br \/>\n<strong>5. Datenverarbeitung im Rahmen der anwaltlichen T\u00e4tigkeit<\/strong><br \/>\n<br \/>\nIm Rahmen der anwaltlichen T\u00e4tigkeit verarbeite ich zum Zweck der Mandatsbearbeitung im erforderlichen Umfang personenbezogene Daten meiner Mandanten (sofern diese nat\u00fcrliche Personen sind) bzw. ihrer internen Ansprechpartner und beteiligten Mitarbeiterinnen und Mitarbeiter, ferner von etwaigen Vertragspartnern und sonstigen Beteiligten bzw. von deren Organen und Angestellten, sowie sonstige personenbezogene Daten, die in mandatsrelevanten Unterlagen enthalten sind. Typischerweise handelt es sich um Namen und Berufsbezeichnungen, Kontaktdaten wie (E-Mail-)Adressen und Telefonnummern, Finanzdaten, z.B. Kontonummern, sowie weitere personenbezogene Daten, die mir im Rahmen des Mandats offengelegt werden.<br \/>\n<br \/>\nDiese Daten werden insbesondere zur Pr\u00fcfung der Mandatsannahme, der Mandatsvereinbarung, der Erbringung von Rechtsberatungsleistungen einschlie\u00dflich der Erstellung der geschuldeten Arbeitsergebnisse und F\u00fchrung der berufsrechtlich erforderlichen Akten, der Kommunikation mit Mandanten und Dritten (z. B. Gerichten, Beh\u00f6rden, anderen Beratern, der Gegenseite) sowie zur Abrechnung meiner Leistungen verarbeitet.<br \/>\n<br \/>\nRechtsgrundlage ist, je nach Fallkonstellation: (a) die Anbahnung oder Durchf\u00fchrung des Mandatsvertrags, wobei sich Umfang und Einzelheiten der Datenverarbeitung aus dem jeweiligen Vertrag und gegebenenfalls den dazugeh\u00f6rigen Mandatsbedingungen ergeben (Art. 6 Abs. 1 Satz 1 lit. b DSGVO); (b) die Erf\u00fcllung gesetzlicher Vorgaben, denen ich als Rechtsanw\u00e4ltin unterliege (Art. 6 Abs. 1 Satz 1 lit. c, Abs. 3 DSGVO in Verbindung mit der jeweiligen Rechtspflicht, z. B. aus dem anwaltlichen Berufsrecht oder dem Geldw\u00e4schegesetz); oder (c) mein \u00fcberwiegendes berechtigtes Interesse, die Daten f\u00fcr meinen Gesch\u00e4ftsbetrieb, zum Zweck der Leistungserbringung f\u00fcr meine Mandanten oder erforderlichenfalls zur Abwehr oder Durchsetzung eventueller Haftungsanspr\u00fcche zu verarbeiten (Art. 6 Abs. 1 Satz 1 lit. f DSGVO).<br \/>\n<br \/>\nIch speichere die personenbezogenen Daten, solange sie f\u00fcr die Erf\u00fcllung des jeweiligen Zwecks ben\u00f6tigt werden, sowie dar\u00fcber hinaus zur Erf\u00fcllung berufsrechtlicher (vgl. \u00a7 50 BRAO) und gesetzlicher Aufbewahrungspflichten (insbesondere aus dem HGB und der Abgabenordnung).<br \/>\n<br \/>\n<strong>6. Weitergabe von Daten<\/strong><br \/>\n<br \/>\n<strong>6.1 an Auftragsverarbeiter<\/strong><br \/>\n<br \/>\nF\u00fcr die Bereitstellung der Webseite bzw. das Hosting in einem zertifizierten Rechenzentrum setze ich einen technischen Dienstleister mit Sitz in Deutschland ein, unter Beachtung der gesetzlichen Anforderungen, d.h. weisungsgebunden und auf die Vertraulichkeit verpflichtet, auf Grundlage eines Auftragsverarbeitungsvertrags.<br \/>\n<br \/>\n<strong>6.2 an Dritte<\/strong><br \/>\n<br \/>\nIch \u00fcbermittle Ihre personenbezogenen Daten nur an Dritte,<br \/>\n<br \/>\n&#8211; soweit dies gesetzlich zul\u00e4ssig und f\u00fcr die Abwicklung des Mandatsverh\u00e4ltnisses mit Ihnen erforderlich ist (Art. 6 Abs. 1 Satz 1 lit. b DSGVO) oder<br \/>\n<br \/>\n&#8211; sofern die Weitergabe zur Geltendmachung, Aus\u00fcbung oder Verteidigung von Rechtsanspr\u00fcchen erforderlich ist und kein Grund zur Annahme besteht, dass Sie ein \u00fcberwiegendes schutzw\u00fcrdiges Interesse daran haben, dass Ihre Daten nicht weitergegeben werden (Art. 6 Abs. 1 Satz 1 lit. f DSGVO), oder<br \/>\n<br \/>\n&#8211; sofern und soweit ich zur Weitergabe gesetzlich verpflichtet bin (Art. 6 Abs. 1 Satz 1 lit. c und Abs. 3 DSGVO, in Verbindung mit der jeweiligen Rechtspflicht).<br \/>\n<br \/>\nDas Anwaltsgeheimnis bleibt unber\u00fchrt. Eine Weitergabe von Daten, die meiner Verschwiegenheitspflicht unterliegen, erfolgt nur in Absprache mit Ihnen.<br \/>\n<br \/>\nEine \u00dcbermittlung personenbezogener Daten in Staaten au\u00dferhalb der Europ\u00e4ischen Union oder des Europ\u00e4ischen Wirtschaftsraums erfolgt nur, sofern und soweit dies im Rahmen der Mandatsbetreuung notwendig ist oder zur Erf\u00fcllung rechtlicher Verpflichtungen.<br \/>\n<br \/>\n<strong>7. Pflicht zur Bereitstellung von Daten<\/strong><br \/>\n<br \/>\nIm Rahmen unserer Mandatsbeziehung m\u00fcssen Sie diejenigen personenbezogenen Daten bereitstellen, die f\u00fcr ihre Aufnahme, Durchf\u00fchrung und Beendigung sowie zur Erf\u00fcllung der damit verbundenen vertraglichen Pflichten erforderlich sind oder zu deren Erhebung ich gesetzlich verpflichtet bin. Ohne die notwendigen Informationen und Unterlagen werde ich nicht in der Lage sein, einen Vertrag mit Ihnen zu schlie\u00dfen, auszuf\u00fchren und zu beenden.<br \/>\n<br \/>\n<strong>8. Betroffenenrechte<\/strong><br \/>\n<br \/>\n<strong>Auskunft:<\/strong> Sie haben das Recht, von mir eine Best\u00e4tigung dar\u00fcber zu verlangen, ob ich Sie betreffende personenbezogene Daten verarbeite; ist dies der Fall, so haben Sie ein Recht auf Auskunft \u00fcber diese personenbezogenen Daten und die in Art. 15 DSGVO im Einzelnen aufgef\u00fchrten Informationen.<br \/>\n<br \/>\n<strong>Berichtigung:<\/strong> Sollten die Sie betreffenden personenbezogenen Daten nicht (mehr) richtig sein, k\u00f6nnen Sie gem\u00e4\u00df Art. 16 DSGVO unverz\u00fcglich ihre Berichtigung verlangen; ferner k\u00f6nnen Sie unter Ber\u00fccksichtigung der Zwecke der Verarbeitung die Vervollst\u00e4ndigung unvollst\u00e4ndiger Daten verlangen.<br \/>\n<br \/>\n<strong>L\u00f6schung:<\/strong> Gem\u00e4\u00df Art. 17 DSGVO k\u00f6nnen Sie die L\u00f6schung Ihrer bei uns gespeicherten personenbezogenen Daten verlangen, soweit sie f\u00fcr die Zwecke, f\u00fcr die sie erhoben oder auf sonstige Weise verarbeitet wurden, nicht mehr notwendig sind oder die L\u00f6schung zur Erf\u00fcllung einer rechtlichen Verpflichtung erforderlich ist oder ein anderer in Art. 17 Abs. 1 DSGVO genannter Grund vorliegt. Das gilt nicht, wenn die Verarbeitung zur Aus\u00fcbung des Rechts auf freie Meinungs\u00e4u\u00dferung und Information, zur Erf\u00fcllung einer rechtlichen Verpflichtung (z.B. einer gesetzlichen Aufbewahrungspflicht), zur Geltendmachung, Aus\u00fcbung oder Verteidigung von Rechtsanspr\u00fcchen oder aus einem anderen in Art. 17 Abs. 3 DSGVO genannten Grund erforderlich ist oder der L\u00f6schung die in \u00a7 35 BDSG genannten Gr\u00fcnde entgegenstehen, insbesondere satzungsgem\u00e4\u00dfe oder vertragliche Aufbewahrungsfristen. Im letzteren Fall sind die Daten stattdessen zu sperren (Einschr\u00e4nkung der Verarbeitung).<br \/>\n<br \/>\n<strong>Sperrung:<\/strong> Gem\u00e4\u00df Art. 18 DSGVO k\u00f6nnen Sie die Einschr\u00e4nkung der Verarbeitung Ihrer personenbezogenen Daten (Sperrung) verlangen, soweit die Richtigkeit der Daten von Ihnen bestritten wird, die Verarbeitung unrechtm\u00e4\u00dfig ist, Sie aber deren L\u00f6schung ablehnen, oder ich die Daten nicht l\u00e4nger ben\u00f6tige, Sie sie jedoch zur Geltendmachung, Aus\u00fcbung oder Verteidigung von Rechtsanspr\u00fcchen ben\u00f6tigen, oder Sie gem\u00e4\u00df Art. 21 DSGVO Widerspruch gegen die Verarbeitung eingelegt haben.<br \/>\n<br \/>\n<strong>Daten\u00fcbertragbarkeit:<\/strong> Sofern Sie mir personenbezogene Daten aufgrund eines Vertrags zwischen uns bereitgestellt haben und ihre Verarbeitung mithilfe automatisierter Verfahren erfolgt, k\u00f6nnen Sie gem\u00e4\u00df Art. 20 DSGVO verlangen, diese Daten in einem strukturierten, g\u00e4ngigen und maschinenlesbaren Format zu erhalten oder die \u00dcbermittlung an einen anderen Verantwortlichen zu verlangen.<br \/>\n<br \/>\n<em><strong>Widerspruch:<\/strong> Sofern Ihre personenbezogenen Daten auf Grundlage von \u00fcberwiegenden berechtigten Interessen gem\u00e4\u00df Art. 6 Abs. 1 Satz 1 lit. f DSGVO verarbeitet werden, haben Sie das Recht, jederzeit gem\u00e4\u00df Art. 21 DSGVO Widerspruch gegen die Verarbeitung Ihrer personenbezogenen Daten einzulegen, soweit daf\u00fcr Gr\u00fcnde vorliegen, die sich aus Ihrer besonderen Situation ergeben. Ich verarbeite dann Ihre Daten nicht mehr und l\u00f6sche sie umgehend, es sei denn, ich kann zwingende schutzw\u00fcrdige und \u00fcberwiegende Gr\u00fcnde f\u00fcr die Verarbeitung nachweisen oder sie dient der Geltendmachung, Aus\u00fcbung oder Verteidigung von Rechtsanspr\u00fcchen. Um von Ihrem Widerspruchsrecht Gebrauch zu machen, k\u00f6nnen Sie sich postalisch oder per E-Mail an meine in Ziffer 1 genannte Kontaktadresse wenden.<\/em><br \/>\n<br \/>\n<strong>Beschwerde:<\/strong> Sie haben das Recht, sich gem\u00e4\u00df Art. 77 DSGVO bei einer Aufsichtsbeh\u00f6rde zu beschweren. Hierf\u00fcr k\u00f6nnen Sie sich insbesondere an diejenige Aufsichtsbeh\u00f6rde wenden, die f\u00fcr Ihren \u00fcblichen Aufenthaltsort oder Arbeitsplatz oder f\u00fcr meinen Kanzleisitz zust\u00e4ndig ist. Letztere ist die<br \/>\n<br \/>\nBerliner Beauftragte f\u00fcr Datenschutz und Informationsfreiheit<br \/>\nAlt-Moabit 59-61, 10555 Berlin<br \/>\nE-Mail: mailbox[at]datenschutz-berlin.de<br \/>\n<br \/>\n<strong>9. Datensicherheit<\/strong><br \/>\n<br \/>\nDie Kanzlei Aret\u00e9 und ihr Dienstleister (s.o. Ziffer 7.1) treffen technische und organisatorische Sicherheitsvorkehrungen, um Ihre personenbezogenen Daten gegen zuf\u00e4llige oder vors\u00e4tzliche Manipulation, Verlust, Zerst\u00f6rung oder den Zugriff unberechtigter Personen zu sch\u00fctzen. Die Sicherheitsma\u00dfnahmen werden entsprechend der technologischen Entwicklung fortlaufend verbessert. Bei der Nutzung der Webseite und \u00dcbertragung Ihrer personenbezogenen Daten \u00fcber die Kontaktformulare wird eine angemessene Verschl\u00fcsselung durch Secure Socket Layer (SSL) vorgenommen.<br \/>\n<br \/>\nStand: April 2026<br \/>\n<\/p>\n<p>&nbsp;<\/p>\n","protected":false},"excerpt":{"rendered":"<p>Datenschutzerkl\u00e4rung &nbsp; Mit dieser Datenschutzerkl\u00e4rung erhalten Sie Informationen \u00fcber die Verarbeitung Ihrer personenbezogenen Daten beim Besuch der Webseite www.kanzlei-arete.de und im Rahmen meiner anwaltlichen T\u00e4tigkeit. 1. Verantwortliche Rechtsanw\u00e4ltin Karen Sokoll, LLM Dircksenstra\u00dfe 52 (Am Hackeschen Markt) D-10178 Berlin E-Mail: info@kanzlei-arete.de 2. Besuch der Webseite Beim Aufruf der Webseite www.kanzlei-arete.de sendet&#8230;<\/p>\n","protected":false},"author":1,"featured_media":0,"parent":0,"menu_order":0,"comment_status":"closed","ping_status":"closed","template":"","meta":{"footnotes":""},"class_list":["post-28","page","type-page","status-publish","hentry"],"yoast_head":"<!-- This site is optimized with the Yoast SEO plugin v27.5 - https:\/\/yoast.com\/product\/yoast-seo-wordpress\/ -->\n<title>Datenschutz - ARET\u00c9 | Kanzlei f\u00fcr Datenschutzrecht<\/title>\n<meta name=\"robots\" content=\"index, follow, max-snippet:-1, max-image-preview:large, max-video-preview:-1\" \/>\n<link rel=\"canonical\" href=\"https:\/\/www.kanzlei-arete.de\/de\/datenschutzerklaerung\/\" \/>\n<meta property=\"og:locale\" content=\"de_DE\" \/>\n<meta property=\"og:type\" content=\"article\" \/>\n<meta property=\"og:title\" content=\"Datenschutz - ARET\u00c9 | Kanzlei f\u00fcr Datenschutzrecht\" \/>\n<meta property=\"og:description\" content=\"Datenschutzerkl\u00e4rung &nbsp; Mit dieser Datenschutzerkl\u00e4rung erhalten Sie Informationen \u00fcber die Verarbeitung Ihrer personenbezogenen Daten beim Besuch der Webseite www.kanzlei-arete.de und im Rahmen meiner anwaltlichen T\u00e4tigkeit. 1. Verantwortliche Rechtsanw\u00e4ltin Karen Sokoll, LLM Dircksenstra\u00dfe 52 (Am Hackeschen Markt) D-10178 Berlin E-Mail: info@kanzlei-arete.de 2. Besuch der Webseite Beim Aufruf der Webseite www.kanzlei-arete.de sendet...\" \/>\n<meta property=\"og:url\" content=\"https:\/\/www.kanzlei-arete.de\/de\/datenschutzerklaerung\/\" \/>\n<meta property=\"og:site_name\" content=\"ARET\u00c9 | Kanzlei f\u00fcr Datenschutzrecht\" \/>\n<meta property=\"article:modified_time\" content=\"2026-04-19T09:49:57+00:00\" \/>\n<meta name=\"twitter:card\" content=\"summary_large_image\" \/>\n<meta name=\"twitter:label1\" content=\"Gesch\u00e4tzte Lesezeit\" \/>\n\t<meta name=\"twitter:data1\" content=\"9\u00a0Minuten\" \/>\n<script type=\"application\/ld+json\" class=\"yoast-schema-graph\">{\"@context\":\"https:\\\/\\\/schema.org\",\"@graph\":[{\"@type\":\"WebPage\",\"@id\":\"https:\\\/\\\/www.kanzlei-arete.de\\\/de\\\/datenschutzerklaerung\\\/\",\"url\":\"https:\\\/\\\/www.kanzlei-arete.de\\\/de\\\/datenschutzerklaerung\\\/\",\"name\":\"Datenschutz - ARET\u00c9 | Kanzlei f\u00fcr Datenschutzrecht\",\"isPartOf\":{\"@id\":\"https:\\\/\\\/www.kanzlei-arete.de\\\/de\\\/#website\"},\"datePublished\":\"2020-03-05T22:08:40+00:00\",\"dateModified\":\"2026-04-19T09:49:57+00:00\",\"breadcrumb\":{\"@id\":\"https:\\\/\\\/www.kanzlei-arete.de\\\/de\\\/datenschutzerklaerung\\\/#breadcrumb\"},\"inLanguage\":\"de\",\"potentialAction\":[{\"@type\":\"ReadAction\",\"target\":[\"https:\\\/\\\/www.kanzlei-arete.de\\\/de\\\/datenschutzerklaerung\\\/\"]}]},{\"@type\":\"BreadcrumbList\",\"@id\":\"https:\\\/\\\/www.kanzlei-arete.de\\\/de\\\/datenschutzerklaerung\\\/#breadcrumb\",\"itemListElement\":[{\"@type\":\"ListItem\",\"position\":1,\"name\":\"Startseite\",\"item\":\"https:\\\/\\\/www.kanzlei-arete.de\\\/de\\\/\"},{\"@type\":\"ListItem\",\"position\":2,\"name\":\"Datenschutz\"}]},{\"@type\":\"WebSite\",\"@id\":\"https:\\\/\\\/www.kanzlei-arete.de\\\/de\\\/#website\",\"url\":\"https:\\\/\\\/www.kanzlei-arete.de\\\/de\\\/\",\"name\":\"ARET\u00c9 | Kanzlei f\u00fcr Datenschutzrecht\",\"description\":\"Kanzlei f\u00fcr Datenschutzrecht\",\"publisher\":{\"@id\":\"https:\\\/\\\/www.kanzlei-arete.de\\\/de\\\/#organization\"},\"potentialAction\":[{\"@type\":\"SearchAction\",\"target\":{\"@type\":\"EntryPoint\",\"urlTemplate\":\"https:\\\/\\\/www.kanzlei-arete.de\\\/de\\\/?s={search_term_string}\"},\"query-input\":{\"@type\":\"PropertyValueSpecification\",\"valueRequired\":true,\"valueName\":\"search_term_string\"}}],\"inLanguage\":\"de\"},{\"@type\":\"Organization\",\"@id\":\"https:\\\/\\\/www.kanzlei-arete.de\\\/de\\\/#organization\",\"name\":\"ARET\u00c9 | Kanzlei f\u00fcr Datenschutzrecht\",\"url\":\"https:\\\/\\\/www.kanzlei-arete.de\\\/de\\\/\",\"logo\":{\"@type\":\"ImageObject\",\"inLanguage\":\"de\",\"@id\":\"https:\\\/\\\/www.kanzlei-arete.de\\\/de\\\/#\\\/schema\\\/logo\\\/image\\\/\",\"url\":\"https:\\\/\\\/www.kanzlei-arete.de\\\/de\\\/wp-content\\\/uploads\\\/sites\\\/6\\\/2020\\\/09\\\/favicon.png\",\"contentUrl\":\"https:\\\/\\\/www.kanzlei-arete.de\\\/de\\\/wp-content\\\/uploads\\\/sites\\\/6\\\/2020\\\/09\\\/favicon.png\",\"width\":454,\"height\":413,\"caption\":\"ARET\u00c9 | Kanzlei f\u00fcr Datenschutzrecht\"},\"image\":{\"@id\":\"https:\\\/\\\/www.kanzlei-arete.de\\\/de\\\/#\\\/schema\\\/logo\\\/image\\\/\"}}]}<\/script>\n<!-- \/ Yoast SEO plugin. -->","yoast_head_json":{"title":"Datenschutz - ARET\u00c9 | Kanzlei f\u00fcr Datenschutzrecht","robots":{"index":"index","follow":"follow","max-snippet":"max-snippet:-1","max-image-preview":"max-image-preview:large","max-video-preview":"max-video-preview:-1"},"canonical":"https:\/\/www.kanzlei-arete.de\/de\/datenschutzerklaerung\/","og_locale":"de_DE","og_type":"article","og_title":"Datenschutz - ARET\u00c9 | Kanzlei f\u00fcr Datenschutzrecht","og_description":"Datenschutzerkl\u00e4rung &nbsp; Mit dieser Datenschutzerkl\u00e4rung erhalten Sie Informationen \u00fcber die Verarbeitung Ihrer personenbezogenen Daten beim Besuch der Webseite www.kanzlei-arete.de und im Rahmen meiner anwaltlichen T\u00e4tigkeit. 1. Verantwortliche Rechtsanw\u00e4ltin Karen Sokoll, LLM Dircksenstra\u00dfe 52 (Am Hackeschen Markt) D-10178 Berlin E-Mail: info@kanzlei-arete.de 2. Besuch der Webseite Beim Aufruf der Webseite www.kanzlei-arete.de sendet...","og_url":"https:\/\/www.kanzlei-arete.de\/de\/datenschutzerklaerung\/","og_site_name":"ARET\u00c9 | Kanzlei f\u00fcr Datenschutzrecht","article_modified_time":"2026-04-19T09:49:57+00:00","twitter_card":"summary_large_image","twitter_misc":{"Gesch\u00e4tzte Lesezeit":"9\u00a0Minuten"},"schema":{"@context":"https:\/\/schema.org","@graph":[{"@type":"WebPage","@id":"https:\/\/www.kanzlei-arete.de\/de\/datenschutzerklaerung\/","url":"https:\/\/www.kanzlei-arete.de\/de\/datenschutzerklaerung\/","name":"Datenschutz - ARET\u00c9 | Kanzlei f\u00fcr Datenschutzrecht","isPartOf":{"@id":"https:\/\/www.kanzlei-arete.de\/de\/#website"},"datePublished":"2020-03-05T22:08:40+00:00","dateModified":"2026-04-19T09:49:57+00:00","breadcrumb":{"@id":"https:\/\/www.kanzlei-arete.de\/de\/datenschutzerklaerung\/#breadcrumb"},"inLanguage":"de","potentialAction":[{"@type":"ReadAction","target":["https:\/\/www.kanzlei-arete.de\/de\/datenschutzerklaerung\/"]}]},{"@type":"BreadcrumbList","@id":"https:\/\/www.kanzlei-arete.de\/de\/datenschutzerklaerung\/#breadcrumb","itemListElement":[{"@type":"ListItem","position":1,"name":"Startseite","item":"https:\/\/www.kanzlei-arete.de\/de\/"},{"@type":"ListItem","position":2,"name":"Datenschutz"}]},{"@type":"WebSite","@id":"https:\/\/www.kanzlei-arete.de\/de\/#website","url":"https:\/\/www.kanzlei-arete.de\/de\/","name":"ARET\u00c9 | Kanzlei f\u00fcr Datenschutzrecht","description":"Kanzlei f\u00fcr Datenschutzrecht","publisher":{"@id":"https:\/\/www.kanzlei-arete.de\/de\/#organization"},"potentialAction":[{"@type":"SearchAction","target":{"@type":"EntryPoint","urlTemplate":"https:\/\/www.kanzlei-arete.de\/de\/?s={search_term_string}"},"query-input":{"@type":"PropertyValueSpecification","valueRequired":true,"valueName":"search_term_string"}}],"inLanguage":"de"},{"@type":"Organization","@id":"https:\/\/www.kanzlei-arete.de\/de\/#organization","name":"ARET\u00c9 | Kanzlei f\u00fcr Datenschutzrecht","url":"https:\/\/www.kanzlei-arete.de\/de\/","logo":{"@type":"ImageObject","inLanguage":"de","@id":"https:\/\/www.kanzlei-arete.de\/de\/#\/schema\/logo\/image\/","url":"https:\/\/www.kanzlei-arete.de\/de\/wp-content\/uploads\/sites\/6\/2020\/09\/favicon.png","contentUrl":"https:\/\/www.kanzlei-arete.de\/de\/wp-content\/uploads\/sites\/6\/2020\/09\/favicon.png","width":454,"height":413,"caption":"ARET\u00c9 | Kanzlei f\u00fcr Datenschutzrecht"},"image":{"@id":"https:\/\/www.kanzlei-arete.de\/de\/#\/schema\/logo\/image\/"}}]}},"_links":{"self":[{"href":"https:\/\/www.kanzlei-arete.de\/de\/wp-json\/wp\/v2\/pages\/28","targetHints":{"allow":["GET"]}}],"collection":[{"href":"https:\/\/www.kanzlei-arete.de\/de\/wp-json\/wp\/v2\/pages"}],"about":[{"href":"https:\/\/www.kanzlei-arete.de\/de\/wp-json\/wp\/v2\/types\/page"}],"author":[{"embeddable":true,"href":"https:\/\/www.kanzlei-arete.de\/de\/wp-json\/wp\/v2\/users\/1"}],"replies":[{"embeddable":true,"href":"https:\/\/www.kanzlei-arete.de\/de\/wp-json\/wp\/v2\/comments?post=28"}],"version-history":[{"count":31,"href":"https:\/\/www.kanzlei-arete.de\/de\/wp-json\/wp\/v2\/pages\/28\/revisions"}],"predecessor-version":[{"id":22356,"href":"https:\/\/www.kanzlei-arete.de\/de\/wp-json\/wp\/v2\/pages\/28\/revisions\/22356"}],"wp:attachment":[{"href":"https:\/\/www.kanzlei-arete.de\/de\/wp-json\/wp\/v2\/media?parent=28"}],"curies":[{"name":"wp","href":"https:\/\/api.w.org\/{rel}","templated":true}]}}